{"id":1343,"date":"2023-03-23T13:32:18","date_gmt":"2023-03-23T12:32:18","guid":{"rendered":"http:\/\/bpp.katowice.pl\/?page_id=1343"},"modified":"2023-08-15T23:53:55","modified_gmt":"2023-08-15T21:53:55","slug":"26-biennale-plakatu-polskiego","status":"publish","type":"page","link":"https:\/\/bpp.katowice.pl\/?page_id=1343","title":{"rendered":"26 BIENNALE PLAKATU POLSKIEGO"},"content":{"rendered":"\t\t<div data-elementor-type=\"wp-page\" data-elementor-id=\"1343\" class=\"elementor elementor-1343\">\n\t\t\t\t\t\t\t\t\t<section class=\"elementor-section elementor-top-section elementor-element elementor-element-18e0dc34 elementor-section-stretched elementor-section-height-full elementor-section-boxed elementor-section-height-default elementor-section-items-middle elementor-invisible\" data-id=\"18e0dc34\" data-element_type=\"section\" data-settings=\"{&quot;stretch_section&quot;:&quot;section-stretched&quot;,&quot;background_background&quot;:&quot;classic&quot;,&quot;animation&quot;:&quot;fadeIn&quot;,&quot;animation_delay&quot;:400}\">\n\t\t\t\t\t\t\t<div class=\"elementor-background-overlay\"><\/div>\n\t\t\t\t\t\t\t<div class=\"elementor-container elementor-column-gap-default\">\n\t\t\t\t\t<div class=\"elementor-column elementor-col-100 elementor-top-column elementor-element elementor-element-2d6ae018\" data-id=\"2d6ae018\" data-element_type=\"column\">\n\t\t\t<div class=\"elementor-widget-wrap elementor-element-populated\">\n\t\t\t\t\t\t\t\t<div class=\"elementor-element elementor-element-682184b8 elementor-invisible elementor-widget elementor-widget-heading\" data-id=\"682184b8\" data-element_type=\"widget\" data-settings=\"{&quot;_animation&quot;:&quot;fadeInDown&quot;,&quot;_animation_delay&quot;:800}\" data-widget_type=\"heading.default\">\n\t\t\t\t<div class=\"elementor-widget-container\">\n\t\t\t<style>\/*! elementor - v3.17.0 - 08-11-2023 *\/\n.elementor-heading-title{padding:0;margin:0;line-height:1}.elementor-widget-heading .elementor-heading-title[class*=elementor-size-]>a{color:inherit;font-size:inherit;line-height:inherit}.elementor-widget-heading .elementor-heading-title.elementor-size-small{font-size:15px}.elementor-widget-heading .elementor-heading-title.elementor-size-medium{font-size:19px}.elementor-widget-heading .elementor-heading-title.elementor-size-large{font-size:29px}.elementor-widget-heading .elementor-heading-title.elementor-size-xl{font-size:39px}.elementor-widget-heading .elementor-heading-title.elementor-size-xxl{font-size:59px}<\/style><h1 class=\"elementor-heading-title elementor-size-default\">26 BIENNALE PLAKATU POLSKIEGO<br>KATOWICE 2019<\/h1>\t\t<\/div>\n\t\t\t\t<\/div>\n\t\t\t\t<div class=\"elementor-element elementor-element-72d160ec animated-slow elementor-invisible elementor-widget elementor-widget-heading\" data-id=\"72d160ec\" data-element_type=\"widget\" data-settings=\"{&quot;_animation&quot;:&quot;fadeInRight&quot;,&quot;_animation_delay&quot;:600}\" data-widget_type=\"heading.default\">\n\t\t\t\t<div class=\"elementor-widget-container\">\n\t\t\t<h2 class=\"elementor-heading-title elementor-size-default\">13 grudnia 2019 - 26 stycznia 2020<\/h2>\t\t<\/div>\n\t\t\t\t<\/div>\n\t\t\t\t\t<\/div>\n\t\t<\/div>\n\t\t\t\t\t\t\t<\/div>\n\t\t<\/section>\n\t\t\t\t<section class=\"elementor-section elementor-top-section elementor-element elementor-element-97117f1 elementor-section-boxed elementor-section-height-default elementor-section-height-default\" data-id=\"97117f1\" data-element_type=\"section\">\n\t\t\t\t\t\t<div class=\"elementor-container elementor-column-gap-default\">\n\t\t\t\t\t<div class=\"elementor-column elementor-col-50 elementor-top-column elementor-element elementor-element-54a07c40 elementor-invisible\" data-id=\"54a07c40\" data-element_type=\"column\" data-settings=\"{&quot;animation&quot;:&quot;fadeInUp&quot;,&quot;animation_delay&quot;:1100}\">\n\t\t\t<div class=\"elementor-widget-wrap elementor-element-populated\">\n\t\t\t\t\t\t\t\t<div class=\"elementor-element elementor-element-1073e7a8 elementor-invisible elementor-widget elementor-widget-image\" data-id=\"1073e7a8\" data-element_type=\"widget\" data-settings=\"{&quot;_animation&quot;:&quot;fadeInDown&quot;}\" data-widget_type=\"image.default\">\n\t\t\t\t<div class=\"elementor-widget-container\">\n\t\t\t<style>\/*! elementor - v3.17.0 - 08-11-2023 *\/\n.elementor-widget-image{text-align:center}.elementor-widget-image a{display:inline-block}.elementor-widget-image a img[src$=\".svg\"]{width:48px}.elementor-widget-image img{vertical-align:middle;display:inline-block}<\/style>\t\t\t\t\t\t\t\t\t\t\t\t\t<a href=\"http:\/\/www.archiwum.bwa.katowice.pl\/p\/693\/katalog_26_biennale_plakatu_polskiego_katowice_2\/\">\n\t\t\t\t\t\t\t<img loading=\"lazy\" decoding=\"async\" width=\"460\" height=\"365\" src=\"https:\/\/bpp.katowice.pl\/wp-content\/uploads\/2023\/03\/kat26.jpg\" class=\"attachment-full size-full wp-image-1374\" alt=\"\" srcset=\"https:\/\/bpp.katowice.pl\/wp-content\/uploads\/2023\/03\/kat26.jpg 460w, https:\/\/bpp.katowice.pl\/wp-content\/uploads\/2023\/03\/kat26-300x238.jpg 300w\" sizes=\"auto, (max-width: 460px) 100vw, 460px\" \/>\t\t\t\t\t\t\t\t<\/a>\n\t\t\t\t\t\t\t\t\t\t\t\t\t\t\t<\/div>\n\t\t\t\t<\/div>\n\t\t\t\t\t<\/div>\n\t\t<\/div>\n\t\t\t\t<div class=\"elementor-column elementor-col-50 elementor-top-column elementor-element elementor-element-150e8c11 elementor-invisible\" data-id=\"150e8c11\" data-element_type=\"column\" data-settings=\"{&quot;animation&quot;:&quot;fadeInUp&quot;,&quot;animation_delay&quot;:900}\">\n\t\t\t<div class=\"elementor-widget-wrap elementor-element-populated\">\n\t\t\t\t\t\t\t\t<div class=\"elementor-element elementor-element-3c024795 animated-fast elementor-widget elementor-widget-text-editor\" data-id=\"3c024795\" data-element_type=\"widget\" data-settings=\"{&quot;_animation&quot;:&quot;none&quot;,&quot;_animation_delay&quot;:0,&quot;_animation_tablet&quot;:&quot;none&quot;}\" data-widget_type=\"text-editor.default\">\n\t\t\t\t<div class=\"elementor-widget-container\">\n\t\t\t<style>\/*! elementor - v3.17.0 - 08-11-2023 *\/\n.elementor-widget-text-editor.elementor-drop-cap-view-stacked .elementor-drop-cap{background-color:#69727d;color:#fff}.elementor-widget-text-editor.elementor-drop-cap-view-framed .elementor-drop-cap{color:#69727d;border:3px solid;background-color:transparent}.elementor-widget-text-editor:not(.elementor-drop-cap-view-default) .elementor-drop-cap{margin-top:8px}.elementor-widget-text-editor:not(.elementor-drop-cap-view-default) .elementor-drop-cap-letter{width:1em;height:1em}.elementor-widget-text-editor .elementor-drop-cap{float:left;text-align:center;line-height:1;font-size:50px}.elementor-widget-text-editor .elementor-drop-cap-letter{display:inline-block}<\/style>\t\t\t\t<p><strong>Jury 26 Biennale Plakatu Polskiego<\/strong> w sk\u0142adzie:<br \/>prof. Mieczys\u0142aw Wasilewski \u2014 Przewodnicz\u0105cy<br \/>dr hab. Irma Kozina<br \/>dr Marta Lisok<br \/>Irena Przymus<br \/>prof. Antoni Cygan<br \/>Krzysztof Dydo<\/p><p>dokona\u0142o przegl\u0105du prac zakwalifikowanych do konkursu oraz zdecydowa\u0142o poprzez g\u0142osowanie o\u00a0przyznaniu nast\u0119puj\u0105cych nagr\u00f3d:<\/p><p><strong>Nagrody regulaminowe<\/strong><br \/>Grand Prix \u2014 Aleksandra Wilert\u00a0<em>Pray for Amazonia<\/em><br \/>Z\u0142oty Medal \u2014 Szymon Szymankiewicz\u00a0<em>Loading<\/em><br \/>Srebrny Medal \u2014 Iwona Rype\u015bc-Kostovi\u0107\u00a0\u00a0<em>FACT-FAKE<\/em><br \/>Br\u0105zowy Medal \u2014 Lex Drewinski\u00a0<em>Casting<\/em><\/p><p><strong>Nagrody fundowane<\/strong><br \/>Akademia Sztuk Pi\u0119knych w\u00a0Gda\u0144sku \u2014 Tomasz Bogus\u0142awski\u00a0<em>Kr\u00f3l Roger<\/em><br \/>Akademia Sztuk Pi\u0119knych w\u00a0Katowicach \u2014 Max Skorwider\u00a0<em>Populizm<\/em><br \/>Akademia Sztuk Pi\u0119knych we Wroc\u0142awiu \u2014 Marek Osman Brexit<br \/>Galeria Plakatu Krzysztof Dydo \u2014 Patrycja Longawa\u00a0<em>Jubileuszowa 10<\/em><br \/>ZPAP O\/Katowice \u2014 Pawe\u0142 Kr\u00f3l\u00a0<em>FETA<\/em><br \/>Wy\u017csza Szko\u0142a Techniczna w\u00a0Katowicach \u2014 Justyna Machnicka\u00a0<em>Katowice rozkwitaj\u0105<\/em><\/p><p><strong>Wyr\u00f3\u017cnienia Honorowe<\/strong><br \/>Piotr Pietrzak\u00a0<em>100 Lat<\/em><br \/>Marta Kostrzewa\u00a0<em>Polska 2018<\/em><\/p>\t\t\t\t\t\t<\/div>\n\t\t\t\t<\/div>\n\t\t\t\t\t<\/div>\n\t\t<\/div>\n\t\t\t\t\t\t\t<\/div>\n\t\t<\/section>\n\t\t\t\t<section class=\"elementor-section elementor-top-section elementor-element elementor-element-6b2ea11f elementor-section-boxed elementor-section-height-default elementor-section-height-default\" data-id=\"6b2ea11f\" data-element_type=\"section\">\n\t\t\t\t\t\t<div class=\"elementor-container elementor-column-gap-default\">\n\t\t\t\t\t<div class=\"elementor-column elementor-col-100 elementor-top-column elementor-element elementor-element-7760d766\" data-id=\"7760d766\" data-element_type=\"column\">\n\t\t\t<div class=\"elementor-widget-wrap elementor-element-populated\">\n\t\t\t\t\t\t\t\t<div class=\"elementor-element elementor-element-464350a9 animated-fast elementor-widget elementor-widget-heading\" data-id=\"464350a9\" data-element_type=\"widget\" data-settings=\"{&quot;_animation&quot;:&quot;none&quot;}\" data-widget_type=\"heading.default\">\n\t\t\t\t<div class=\"elementor-widget-container\">\n\t\t\t<h2 class=\"elementor-heading-title elementor-size-default\">Laureaci nagr\u00f3d regulaminowych 26 Biennale Plakatu Polskiego, Katowice 2019:<\/h2>\t\t<\/div>\n\t\t\t\t<\/div>\n\t\t\t\t\t<\/div>\n\t\t<\/div>\n\t\t\t\t\t\t\t<\/div>\n\t\t<\/section>\n\t\t\t\t<section class=\"elementor-section elementor-top-section elementor-element elementor-element-72682dab elementor-section-boxed elementor-section-height-default elementor-section-height-default\" data-id=\"72682dab\" data-element_type=\"section\">\n\t\t\t\t\t\t<div class=\"elementor-container elementor-column-gap-default\">\n\t\t\t\t\t<div class=\"elementor-column elementor-col-25 elementor-top-column elementor-element elementor-element-3c318c1b elementor-invisible\" data-id=\"3c318c1b\" data-element_type=\"column\" data-settings=\"{&quot;animation&quot;:&quot;fadeInUp&quot;,&quot;animation_delay&quot;:300}\">\n\t\t\t<div class=\"elementor-widget-wrap elementor-element-populated\">\n\t\t\t\t\t\t\t\t<div class=\"elementor-element elementor-element-4d606dbf elementor-widget elementor-widget-image\" data-id=\"4d606dbf\" data-element_type=\"widget\" data-widget_type=\"image.default\">\n\t\t\t\t<div class=\"elementor-widget-container\">\n\t\t\t\t\t\t\t\t\t\t\t\t\t\t\t<img loading=\"lazy\" decoding=\"async\" width=\"686\" height=\"960\" src=\"https:\/\/bpp.katowice.pl\/wp-content\/uploads\/2023\/08\/Galeria-BWA-Biennale-plakatu-WILERT-ALEKSANDRA-pray-for-amazonia.jpg\" class=\"attachment-full size-full wp-image-2991\" alt=\"\" srcset=\"https:\/\/bpp.katowice.pl\/wp-content\/uploads\/2023\/08\/Galeria-BWA-Biennale-plakatu-WILERT-ALEKSANDRA-pray-for-amazonia.jpg 686w, https:\/\/bpp.katowice.pl\/wp-content\/uploads\/2023\/08\/Galeria-BWA-Biennale-plakatu-WILERT-ALEKSANDRA-pray-for-amazonia-214x300.jpg 214w\" sizes=\"auto, (max-width: 686px) 100vw, 686px\" \/>\t\t\t\t\t\t\t\t\t\t\t\t\t\t\t<\/div>\n\t\t\t\t<\/div>\n\t\t\t\t<div class=\"elementor-element elementor-element-6d791f1d elementor-widget elementor-widget-heading\" data-id=\"6d791f1d\" data-element_type=\"widget\" data-widget_type=\"heading.default\">\n\t\t\t\t<div class=\"elementor-widget-container\">\n\t\t\t<h2 class=\"elementor-heading-title elementor-size-default\"><a href=\"#\">Grand Prix<\/a><\/h2>\t\t<\/div>\n\t\t\t\t<\/div>\n\t\t\t\t<div class=\"elementor-element elementor-element-6c64a6ea elementor-widget elementor-widget-text-editor\" data-id=\"6c64a6ea\" data-element_type=\"widget\" data-widget_type=\"text-editor.default\">\n\t\t\t\t<div class=\"elementor-widget-container\">\n\t\t\t\t\t\t\t<p>Aleksandra Wilert&nbsp;<em><br>Pray for Amazonia<\/em><\/p>\t\t\t\t\t\t<\/div>\n\t\t\t\t<\/div>\n\t\t\t\t\t<\/div>\n\t\t<\/div>\n\t\t\t\t<div class=\"elementor-column elementor-col-25 elementor-top-column elementor-element elementor-element-35567ddc elementor-invisible\" data-id=\"35567ddc\" data-element_type=\"column\" data-settings=\"{&quot;animation&quot;:&quot;fadeInUp&quot;,&quot;animation_delay&quot;:500}\">\n\t\t\t<div class=\"elementor-widget-wrap elementor-element-populated\">\n\t\t\t\t\t\t\t\t<div class=\"elementor-element elementor-element-4212d0c5 elementor-widget elementor-widget-image\" data-id=\"4212d0c5\" data-element_type=\"widget\" data-widget_type=\"image.default\">\n\t\t\t\t<div class=\"elementor-widget-container\">\n\t\t\t\t\t\t\t\t\t\t\t\t\t\t\t<img loading=\"lazy\" decoding=\"async\" width=\"672\" height=\"960\" src=\"https:\/\/bpp.katowice.pl\/wp-content\/uploads\/2023\/08\/Galeria-BWA-Biennale-plakatu-szymon_szymankiewicz_loading.jpg\" class=\"attachment-full size-full wp-image-2990\" alt=\"\" srcset=\"https:\/\/bpp.katowice.pl\/wp-content\/uploads\/2023\/08\/Galeria-BWA-Biennale-plakatu-szymon_szymankiewicz_loading.jpg 672w, https:\/\/bpp.katowice.pl\/wp-content\/uploads\/2023\/08\/Galeria-BWA-Biennale-plakatu-szymon_szymankiewicz_loading-210x300.jpg 210w\" sizes=\"auto, (max-width: 672px) 100vw, 672px\" \/>\t\t\t\t\t\t\t\t\t\t\t\t\t\t\t<\/div>\n\t\t\t\t<\/div>\n\t\t\t\t<div class=\"elementor-element elementor-element-4e708094 elementor-widget elementor-widget-heading\" data-id=\"4e708094\" data-element_type=\"widget\" data-widget_type=\"heading.default\">\n\t\t\t\t<div class=\"elementor-widget-container\">\n\t\t\t<h2 class=\"elementor-heading-title elementor-size-default\"><a href=\"#\">Z\u0142oty Medal<\/a><\/h2>\t\t<\/div>\n\t\t\t\t<\/div>\n\t\t\t\t<div class=\"elementor-element elementor-element-34b8817b elementor-widget elementor-widget-text-editor\" data-id=\"34b8817b\" data-element_type=\"widget\" data-widget_type=\"text-editor.default\">\n\t\t\t\t<div class=\"elementor-widget-container\">\n\t\t\t\t\t\t\t<p>Szymon Szymankiewicz\u00a0<br \/><em>Loading<\/em><\/p>\t\t\t\t\t\t<\/div>\n\t\t\t\t<\/div>\n\t\t\t\t\t<\/div>\n\t\t<\/div>\n\t\t\t\t<div class=\"elementor-column elementor-col-25 elementor-top-column elementor-element elementor-element-6c2ed6f4 elementor-invisible\" data-id=\"6c2ed6f4\" data-element_type=\"column\" data-settings=\"{&quot;animation&quot;:&quot;fadeInUp&quot;,&quot;animation_delay&quot;:700}\">\n\t\t\t<div class=\"elementor-widget-wrap elementor-element-populated\">\n\t\t\t\t\t\t\t\t<div class=\"elementor-element elementor-element-68f32fbf elementor-widget elementor-widget-image\" data-id=\"68f32fbf\" data-element_type=\"widget\" data-widget_type=\"image.default\">\n\t\t\t\t<div class=\"elementor-widget-container\">\n\t\t\t\t\t\t\t\t\t\t\t\t\t\t\t<img loading=\"lazy\" decoding=\"async\" width=\"672\" height=\"960\" src=\"https:\/\/bpp.katowice.pl\/wp-content\/uploads\/2023\/08\/Galeria-BWA-Biennale-plakatu-Rypesc-Kostovic.jpg\" class=\"attachment-full size-full wp-image-2989\" alt=\"\" srcset=\"https:\/\/bpp.katowice.pl\/wp-content\/uploads\/2023\/08\/Galeria-BWA-Biennale-plakatu-Rypesc-Kostovic.jpg 672w, https:\/\/bpp.katowice.pl\/wp-content\/uploads\/2023\/08\/Galeria-BWA-Biennale-plakatu-Rypesc-Kostovic-210x300.jpg 210w\" sizes=\"auto, (max-width: 672px) 100vw, 672px\" \/>\t\t\t\t\t\t\t\t\t\t\t\t\t\t\t<\/div>\n\t\t\t\t<\/div>\n\t\t\t\t<div class=\"elementor-element elementor-element-7157a6be elementor-widget elementor-widget-heading\" data-id=\"7157a6be\" data-element_type=\"widget\" data-widget_type=\"heading.default\">\n\t\t\t\t<div class=\"elementor-widget-container\">\n\t\t\t<h2 class=\"elementor-heading-title elementor-size-default\"><a href=\"#\">Srebrny Medal<\/a><\/h2>\t\t<\/div>\n\t\t\t\t<\/div>\n\t\t\t\t<div class=\"elementor-element elementor-element-6a6eee21 elementor-widget elementor-widget-text-editor\" data-id=\"6a6eee21\" data-element_type=\"widget\" data-widget_type=\"text-editor.default\">\n\t\t\t\t<div class=\"elementor-widget-container\">\n\t\t\t\t\t\t\t<p>Iwona Rype\u015bc-Kostovi\u0107 <br \/><em>FACT-FAKE<\/em><\/p>\t\t\t\t\t\t<\/div>\n\t\t\t\t<\/div>\n\t\t\t\t\t<\/div>\n\t\t<\/div>\n\t\t\t\t<div class=\"elementor-column elementor-col-25 elementor-top-column elementor-element elementor-element-7f871e1 elementor-invisible\" data-id=\"7f871e1\" data-element_type=\"column\" data-settings=\"{&quot;animation&quot;:&quot;fadeInUp&quot;,&quot;animation_delay&quot;:900}\">\n\t\t\t<div class=\"elementor-widget-wrap elementor-element-populated\">\n\t\t\t\t\t\t\t\t<div class=\"elementor-element elementor-element-20e32442 elementor-widget elementor-widget-image\" data-id=\"20e32442\" data-element_type=\"widget\" data-widget_type=\"image.default\">\n\t\t\t\t<div class=\"elementor-widget-container\">\n\t\t\t\t\t\t\t\t\t\t\t\t\t\t\t<img loading=\"lazy\" decoding=\"async\" width=\"672\" height=\"960\" src=\"https:\/\/bpp.katowice.pl\/wp-content\/uploads\/2023\/08\/Galeria-BWA-Biennale-plakatu-Drewinski-Lex-Casting.jpg\" class=\"attachment-full size-full wp-image-2988\" alt=\"\" srcset=\"https:\/\/bpp.katowice.pl\/wp-content\/uploads\/2023\/08\/Galeria-BWA-Biennale-plakatu-Drewinski-Lex-Casting.jpg 672w, https:\/\/bpp.katowice.pl\/wp-content\/uploads\/2023\/08\/Galeria-BWA-Biennale-plakatu-Drewinski-Lex-Casting-210x300.jpg 210w\" sizes=\"auto, (max-width: 672px) 100vw, 672px\" \/>\t\t\t\t\t\t\t\t\t\t\t\t\t\t\t<\/div>\n\t\t\t\t<\/div>\n\t\t\t\t<div class=\"elementor-element elementor-element-4db89dbb elementor-widget elementor-widget-heading\" data-id=\"4db89dbb\" data-element_type=\"widget\" data-widget_type=\"heading.default\">\n\t\t\t\t<div class=\"elementor-widget-container\">\n\t\t\t<h2 class=\"elementor-heading-title elementor-size-default\"><a href=\"#\">Br\u0105zowy Medal<\/a><\/h2>\t\t<\/div>\n\t\t\t\t<\/div>\n\t\t\t\t<div class=\"elementor-element elementor-element-3996025a elementor-widget elementor-widget-text-editor\" data-id=\"3996025a\" data-element_type=\"widget\" data-widget_type=\"text-editor.default\">\n\t\t\t\t<div class=\"elementor-widget-container\">\n\t\t\t\t\t\t\t<p>Lex Drewinski\u00a0<br \/><em>Casting<\/em><\/p>\t\t\t\t\t\t<\/div>\n\t\t\t\t<\/div>\n\t\t\t\t\t<\/div>\n\t\t<\/div>\n\t\t\t\t\t\t\t<\/div>\n\t\t<\/section>\n\t\t\t\t<section class=\"elementor-section elementor-top-section elementor-element elementor-element-3619f79f elementor-section-boxed elementor-section-height-default elementor-section-height-default\" data-id=\"3619f79f\" data-element_type=\"section\">\n\t\t\t\t\t\t<div class=\"elementor-container elementor-column-gap-default\">\n\t\t\t\t\t<div class=\"elementor-column elementor-col-100 elementor-top-column elementor-element elementor-element-539d3db1 elementor-invisible\" data-id=\"539d3db1\" data-element_type=\"column\" data-settings=\"{&quot;animation&quot;:&quot;fadeInLeft&quot;}\">\n\t\t\t<div class=\"elementor-widget-wrap elementor-element-populated\">\n\t\t\t\t\t\t\t\t<div class=\"elementor-element elementor-element-8672e42 animated-fast elementor-widget elementor-widget-heading\" data-id=\"8672e42\" data-element_type=\"widget\" data-settings=\"{&quot;_animation&quot;:&quot;none&quot;}\" data-widget_type=\"heading.default\">\n\t\t\t\t<div class=\"elementor-widget-container\">\n\t\t\t<h2 class=\"elementor-heading-title elementor-size-default\">Lista artyst\u00f3w zakwalifikowanych do konkursu i wystawy pokonkursowej:<\/h2>\t\t<\/div>\n\t\t\t\t<\/div>\n\t\t\t\t\t<\/div>\n\t\t<\/div>\n\t\t\t\t\t\t\t<\/div>\n\t\t<\/section>\n\t\t\t\t<section class=\"elementor-section elementor-top-section elementor-element elementor-element-39a67f0 elementor-section-boxed elementor-section-height-default elementor-section-height-default\" data-id=\"39a67f0\" data-element_type=\"section\">\n\t\t\t\t\t\t<div class=\"elementor-container elementor-column-gap-default\">\n\t\t\t\t\t<div class=\"elementor-column elementor-col-50 elementor-top-column elementor-element elementor-element-4b81878 elementor-invisible\" data-id=\"4b81878\" data-element_type=\"column\" data-settings=\"{&quot;animation&quot;:&quot;fadeInLeft&quot;}\">\n\t\t\t<div class=\"elementor-widget-wrap elementor-element-populated\">\n\t\t\t\t\t\t\t\t<div class=\"elementor-element elementor-element-5acf50fc elementor-invisible elementor-widget elementor-widget-text-editor\" data-id=\"5acf50fc\" data-element_type=\"widget\" data-settings=\"{&quot;_animation&quot;:&quot;fadeIn&quot;,&quot;_animation_delay&quot;:600}\" data-widget_type=\"text-editor.default\">\n\t\t\t\t<div class=\"elementor-widget-container\">\n\t\t\t\t\t\t\t<p>Adamczyk Miros\u0142aw<br \/>Ambroz Joanna<br \/>Balicki Jakub<br \/>Bauman Sebastian<br \/>Bia\u0142owicz Krzysztof<br \/>B\u0142a\u017cejczyk Andrzej<br \/>Bobulski Grzegorz<br \/>Bogacki Kuba<br \/>Bogacki, Seyfried, Znosko<br \/>Bogus\u0142awski Tomasz<br \/>Borowiec Malwina, Chodur Karolina<br \/>Brandeburska Marta<br \/>Bujny Jarek<br \/>Chmielewski \u0141ukasz<br \/>Chojna El\u017cbieta<br \/>Cichy Iwona<br \/>Cie\u015blica Dagmara<br \/>Ci\u015blak Filip<br \/>Cybulska Monika<br \/>\u0106wik\u0142a Jacek<br \/>Dajczak Agnieszka<br \/>Depta-Kle\u015bta Kaja<br \/>Depta-Kle\u015bta Piotr<br \/>Drewinski Lex<br \/>Dudek Adam<br \/>Dudzi\u0144ska Agata<br \/>Dzbanuszek Marcin<br \/>Filipowicz Mariusz<br \/>Flores Basia<br \/>Florianowicz Piotr<br \/>Frydrychowicz-Janiak Joanna<br \/>Ganszczyk Wojtek<br \/>Garlicki Piotr<br \/>Gawrych-Olender Katarzyna<br \/>Golanski Micha\u0142 Tadeusz<br \/>Gondek Karolina<br \/>G\u00f3rska Joanna, Skakun Jerzy<br \/>Grudzi\u0144ska Karolina<br \/>Grzegorczyk Wies\u0142aw<br \/>Guzek Krzysztof<br \/>Hajek Przemys\u0142aw<br \/>Izdebski Grzegorz<br \/>Jama Waldemar<br \/>Januszkiewicz Magdalena<br \/>J\u0119drysek Justyna<br \/>Kacperczyk Micha\u0142, \u015awitalski Tomasz<br \/>Kacperczyk Micha\u0142<br \/>Kacperczyk Design<br \/>Kalarus Roman<br \/>Kaliski Seweryn<br \/>Karczewski Piotr<br \/>Kipka Tomasz<br \/>Kiwerski Szymon<br \/>Klasa Adam<br \/>Kli\u015b Micha\u0142<br \/>Ko\u0142ek Wojciech<br \/>Korku\u0107 Wojciech<br \/>Korzeniowski Antek<br \/>Kosmynka S\u0142awomir<br \/>Kostrzewa Marta<br \/>Kowalczyk Zenon<br \/>Kr\u00f3l Pawe\u0142<br \/>Kubica Sebastian<br \/>Kulczyk Agata<br \/>Kuriata Ireneusz<br \/>Lata\u0142a Zbigniew<br \/>Lema\u0144ska Jadwiga<br \/>Ligenza Artur<br \/>Longawa Patrycja<br \/>\u0141acheta Szymon<br \/>\u0141ukaszonek Bartosz<br \/>\u0141ysakowski Wies\u0142aw<\/p>\t\t\t\t\t\t<\/div>\n\t\t\t\t<\/div>\n\t\t\t\t\t<\/div>\n\t\t<\/div>\n\t\t\t\t<div class=\"elementor-column elementor-col-50 elementor-top-column elementor-element elementor-element-4d5391d5 elementor-invisible\" data-id=\"4d5391d5\" data-element_type=\"column\" data-settings=\"{&quot;animation&quot;:&quot;fadeInRight&quot;}\">\n\t\t\t<div class=\"elementor-widget-wrap elementor-element-populated\">\n\t\t\t\t\t\t\t\t<div class=\"elementor-element elementor-element-0fba67c elementor-invisible elementor-widget elementor-widget-text-editor\" data-id=\"0fba67c\" data-element_type=\"widget\" data-settings=\"{&quot;_animation&quot;:&quot;fadeIn&quot;,&quot;_animation_delay&quot;:600}\" data-widget_type=\"text-editor.default\">\n\t\t\t\t<div class=\"elementor-widget-container\">\n\t\t\t\t\t\t\t<p>Machnicka Justyna<br \/>Maciejczyk Marek<br \/>Mado\u0144 Magdalena<br \/>Malek Dawid<br \/>Matoszko Micha\u0142<br \/>Mazur Wojciech<br \/>Mesjasz \u0141ukasz<br \/>Micha\u0142owska Karolina<br \/>Michorzewski Witold<br \/>Moska\u0142a Tadeusz<br \/>Motyka Krzysztof<br \/>Mraczek Maciej<br \/>My\u0107ka Grzegorz<br \/>Mysyrowicz Witold<br \/>Nachman Katarzyna<br \/>Niemiec Magdalena<br \/>Obarek Piotr<br \/>Olejarz Piotr<br \/>Ole\u015b Artur<br \/>Osman Marek<br \/>Osuchowski Wojciech<br \/>Oszek Albert<br \/>Palicka Gabriela<br \/>Paliwoda Przemys\u0142aw<br \/>Parzyszek Ireneusz<br \/>Pazera Martyna<br \/>Pe\u0142echaty Agata<br \/>Pietrzak Piotr<br \/>Pluta W\u0142adys\u0142aw<br \/>Popek-Banach Agnieszka, Banach Kamil<br \/>Pr\u0119gowski Nikodem<br \/>Rozpara Hanna<br \/>Rybak Justyna<br \/>Rydelek Marcelina<br \/>Rype\u015b\u0107-Kostovi\u0107 Iwona<br \/>Ry\u017cko Pawe\u0142<br \/>Sadowski Tomasz<br \/>Seyfried Krzysztof<br \/>Skorwider Eugeniusz<br \/>Skorwider Max<br \/>Skowro\u0144ski Artur<br \/>Skrzypczyk Krzysztof<br \/>Sroga Monika<br \/>Sroka Karolina<br \/>Starowicz Monika<br \/>Stasiewicz Pawe\u0142<br \/>Szczyrbowski Artur<br \/>Szumigaj-Badziak Anna<br \/>Szymankiewicz Szymon<br \/>\u015al\u0105ski S\u0142awomir<br \/>\u015ali\u017cewski Piotr<br \/>\u015awiat\u0142owska Anna<br \/>\u015awi\u0105tek Pawe\u0142<br \/>\u015awitalski Tomasz Piotr<br \/>Taraszkiewicz Adrian<br \/>Tatarkiewicz Micha\u0142<br \/>Tomasiak Grzegorz<br \/>Tyborowska Joanna<br \/>Wiktor Tadeusz Gustaw<br \/>Wilert Aleksandra<br \/>Witkowska Anna<br \/>W\u0142ostowska Ewa<br \/>Wolna Maja<br \/>W\u00f3jcik-\u015amierska Martyna<br \/>Zdrodowski Miros\u0142aw<br \/>Zert Adrian<br \/>Ziemiszewska Agnieszka<br \/>Znosko Aleksander<br \/>\u017bebrowski Leszek<\/p>\t\t\t\t\t\t<\/div>\n\t\t\t\t<\/div>\n\t\t\t\t\t<\/div>\n\t\t<\/div>\n\t\t\t\t\t\t\t<\/div>\n\t\t<\/section>\n\t\t\t\t<section class=\"elementor-section elementor-top-section elementor-element elementor-element-daa449d elementor-section-boxed elementor-section-height-default elementor-section-height-default\" data-id=\"daa449d\" data-element_type=\"section\">\n\t\t\t\t\t\t<div class=\"elementor-container elementor-column-gap-default\">\n\t\t\t\t\t<div class=\"elementor-column elementor-col-100 elementor-top-column elementor-element elementor-element-8a5c7e2\" data-id=\"8a5c7e2\" data-element_type=\"column\">\n\t\t\t<div class=\"elementor-widget-wrap elementor-element-populated\">\n\t\t\t\t\t\t\t\t<div class=\"elementor-element elementor-element-c496164 elementor-widget elementor-widget-text-editor\" data-id=\"c496164\" data-element_type=\"widget\" data-widget_type=\"text-editor.default\">\n\t\t\t\t<div class=\"elementor-widget-container\">\n\t\t\t\t\t\t\t\t\t\t\t\t\t<\/div>\n\t\t\t\t<\/div>\n\t\t\t\t\t<\/div>\n\t\t<\/div>\n\t\t\t\t\t\t\t<\/div>\n\t\t<\/section>\n\t\t\t\t<section class=\"elementor-section elementor-top-section elementor-element elementor-element-336221df elementor-section-boxed elementor-section-height-default elementor-section-height-default elementor-invisible\" data-id=\"336221df\" data-element_type=\"section\" data-settings=\"{&quot;animation&quot;:&quot;fadeInDown&quot;}\">\n\t\t\t\t\t\t<div class=\"elementor-container elementor-column-gap-default\">\n\t\t\t\t\t<div class=\"elementor-column elementor-col-100 elementor-top-column elementor-element elementor-element-82dc726\" data-id=\"82dc726\" data-element_type=\"column\">\n\t\t\t<div class=\"elementor-widget-wrap\">\n\t\t\t\t\t\t\t\t\t<\/div>\n\t\t<\/div>\n\t\t\t\t\t\t\t<\/div>\n\t\t<\/section>\n\t\t\t\t\t\t\t<\/div>\n\t\t","protected":false},"excerpt":{"rendered":"<p>26 BIENNALE PLAKATU POLSKIEGOKATOWICE 2019 13 grudnia 2019 &#8211; 26 stycznia 2020 Jury 26 Biennale Plakatu Polskiego w sk\u0142adzie:prof. Mieczys\u0142aw Wasilewski \u2014 Przewodnicz\u0105cydr hab. Irma Kozinadr Marta LisokIrena Przymusprof. Antoni CyganKrzysztof Dydo dokona\u0142o przegl\u0105du prac zakwalifikowanych do konkursu oraz zdecydowa\u0142o poprzez g\u0142osowanie o\u00a0przyznaniu nast\u0119puj\u0105cych nagr\u00f3d: Nagrody regulaminoweGrand Prix \u2014 Aleksandra Wilert\u00a0Pray for AmazoniaZ\u0142oty Medal \u2014 [&hellip;]<\/p>\n","protected":false},"author":1,"featured_media":0,"parent":0,"menu_order":0,"comment_status":"closed","ping_status":"closed","template":"","meta":{"_ti_tpc_template_sync":false,"_ti_tpc_template_id":"","footnotes":""},"class_list":["post-1343","page","type-page","status-publish","hentry","entry"],"yoast_head":"<!-- This site is optimized with the Yoast SEO plugin v21.6 - https:\/\/yoast.com\/wordpress\/plugins\/seo\/ -->\n<title>26 BIENNALE PLAKATU POLSKIEGO - BIENNALE PLAKATU POLSKIEGO<\/title>\n<meta name=\"robots\" content=\"index, follow, max-snippet:-1, max-image-preview:large, max-video-preview:-1\" \/>\n<link rel=\"canonical\" href=\"https:\/\/bpp.katowice.pl\/?page_id=1343\" \/>\n<meta property=\"og:locale\" content=\"pl_PL\" \/>\n<meta property=\"og:type\" content=\"article\" \/>\n<meta property=\"og:title\" content=\"26 BIENNALE PLAKATU POLSKIEGO - BIENNALE PLAKATU POLSKIEGO\" \/>\n<meta property=\"og:description\" content=\"26 BIENNALE PLAKATU POLSKIEGOKATOWICE 2019 13 grudnia 2019 &#8211; 26 stycznia 2020 Jury 26 Biennale Plakatu Polskiego w sk\u0142adzie:prof. Mieczys\u0142aw Wasilewski \u2014 Przewodnicz\u0105cydr hab. Irma Kozinadr Marta LisokIrena Przymusprof. Antoni CyganKrzysztof Dydo dokona\u0142o przegl\u0105du prac zakwalifikowanych do konkursu oraz zdecydowa\u0142o poprzez g\u0142osowanie o\u00a0przyznaniu nast\u0119puj\u0105cych nagr\u00f3d: Nagrody regulaminoweGrand Prix \u2014 Aleksandra Wilert\u00a0Pray for AmazoniaZ\u0142oty Medal \u2014 [&hellip;]\" \/>\n<meta property=\"og:url\" content=\"https:\/\/bpp.katowice.pl\/?page_id=1343\" \/>\n<meta property=\"og:site_name\" content=\"BIENNALE PLAKATU POLSKIEGO\" \/>\n<meta property=\"article:modified_time\" content=\"2023-08-15T21:53:55+00:00\" \/>\n<meta property=\"og:image\" content=\"http:\/\/bpp.katowice.pl\/wp-content\/uploads\/2023\/03\/kat26.jpg\" \/>\n<meta name=\"twitter:card\" content=\"summary_large_image\" \/>\n<meta name=\"twitter:label1\" content=\"Szacowany czas czytania\" \/>\n\t<meta name=\"twitter:data1\" content=\"4 minuty\" \/>\n<script type=\"application\/ld+json\" class=\"yoast-schema-graph\">{\"@context\":\"https:\/\/schema.org\",\"@graph\":[{\"@type\":\"WebPage\",\"@id\":\"https:\/\/bpp.katowice.pl\/?page_id=1343\",\"url\":\"https:\/\/bpp.katowice.pl\/?page_id=1343\",\"name\":\"26 BIENNALE PLAKATU POLSKIEGO - BIENNALE PLAKATU POLSKIEGO\",\"isPartOf\":{\"@id\":\"https:\/\/bpp.katowice.pl\/#website\"},\"datePublished\":\"2023-03-23T12:32:18+00:00\",\"dateModified\":\"2023-08-15T21:53:55+00:00\",\"breadcrumb\":{\"@id\":\"https:\/\/bpp.katowice.pl\/?page_id=1343#breadcrumb\"},\"inLanguage\":\"pl-PL\",\"potentialAction\":[{\"@type\":\"ReadAction\",\"target\":[\"https:\/\/bpp.katowice.pl\/?page_id=1343\"]}]},{\"@type\":\"BreadcrumbList\",\"@id\":\"https:\/\/bpp.katowice.pl\/?page_id=1343#breadcrumb\",\"itemListElement\":[{\"@type\":\"ListItem\",\"position\":1,\"name\":\"Home\",\"item\":\"https:\/\/bpp.katowice.pl\/\"},{\"@type\":\"ListItem\",\"position\":2,\"name\":\"26 BIENNALE PLAKATU POLSKIEGO\"}]},{\"@type\":\"WebSite\",\"@id\":\"https:\/\/bpp.katowice.pl\/#website\",\"url\":\"https:\/\/bpp.katowice.pl\/\",\"name\":\"BIENNALE PLAKATU POLSKIEGO\",\"description\":\"Konkursowy przegl\u0105d polskiej tw\u00f3rczo\u015bci plakatowej\",\"publisher\":{\"@id\":\"https:\/\/bpp.katowice.pl\/#organization\"},\"potentialAction\":[{\"@type\":\"SearchAction\",\"target\":{\"@type\":\"EntryPoint\",\"urlTemplate\":\"https:\/\/bpp.katowice.pl\/?s={search_term_string}\"},\"query-input\":\"required name=search_term_string\"}],\"inLanguage\":\"pl-PL\"},{\"@type\":\"Organization\",\"@id\":\"https:\/\/bpp.katowice.pl\/#organization\",\"name\":\"BIENNALE PLAKATU POLSKIEGO\",\"url\":\"https:\/\/bpp.katowice.pl\/\",\"logo\":{\"@type\":\"ImageObject\",\"inLanguage\":\"pl-PL\",\"@id\":\"https:\/\/bpp.katowice.pl\/#\/schema\/logo\/image\/\",\"url\":\"https:\/\/bpp.katowice.pl\/wp-content\/uploads\/2023\/03\/cropped-cropped-logoBPPwww.jpg\",\"contentUrl\":\"https:\/\/bpp.katowice.pl\/wp-content\/uploads\/2023\/03\/cropped-cropped-logoBPPwww.jpg\",\"width\":558,\"height\":227,\"caption\":\"BIENNALE PLAKATU POLSKIEGO\"},\"image\":{\"@id\":\"https:\/\/bpp.katowice.pl\/#\/schema\/logo\/image\/\"}}]}<\/script>\n<!-- \/ Yoast SEO plugin. -->","yoast_head_json":{"title":"26 BIENNALE PLAKATU POLSKIEGO - BIENNALE PLAKATU POLSKIEGO","robots":{"index":"index","follow":"follow","max-snippet":"max-snippet:-1","max-image-preview":"max-image-preview:large","max-video-preview":"max-video-preview:-1"},"canonical":"https:\/\/bpp.katowice.pl\/?page_id=1343","og_locale":"pl_PL","og_type":"article","og_title":"26 BIENNALE PLAKATU POLSKIEGO - BIENNALE PLAKATU POLSKIEGO","og_description":"26 BIENNALE PLAKATU POLSKIEGOKATOWICE 2019 13 grudnia 2019 &#8211; 26 stycznia 2020 Jury 26 Biennale Plakatu Polskiego w sk\u0142adzie:prof. Mieczys\u0142aw Wasilewski \u2014 Przewodnicz\u0105cydr hab. Irma Kozinadr Marta LisokIrena Przymusprof. Antoni CyganKrzysztof Dydo dokona\u0142o przegl\u0105du prac zakwalifikowanych do konkursu oraz zdecydowa\u0142o poprzez g\u0142osowanie o\u00a0przyznaniu nast\u0119puj\u0105cych nagr\u00f3d: Nagrody regulaminoweGrand Prix \u2014 Aleksandra Wilert\u00a0Pray for AmazoniaZ\u0142oty Medal \u2014 [&hellip;]","og_url":"https:\/\/bpp.katowice.pl\/?page_id=1343","og_site_name":"BIENNALE PLAKATU POLSKIEGO","article_modified_time":"2023-08-15T21:53:55+00:00","og_image":[{"url":"http:\/\/bpp.katowice.pl\/wp-content\/uploads\/2023\/03\/kat26.jpg"}],"twitter_card":"summary_large_image","twitter_misc":{"Szacowany czas czytania":"4 minuty"},"schema":{"@context":"https:\/\/schema.org","@graph":[{"@type":"WebPage","@id":"https:\/\/bpp.katowice.pl\/?page_id=1343","url":"https:\/\/bpp.katowice.pl\/?page_id=1343","name":"26 BIENNALE PLAKATU POLSKIEGO - BIENNALE PLAKATU POLSKIEGO","isPartOf":{"@id":"https:\/\/bpp.katowice.pl\/#website"},"datePublished":"2023-03-23T12:32:18+00:00","dateModified":"2023-08-15T21:53:55+00:00","breadcrumb":{"@id":"https:\/\/bpp.katowice.pl\/?page_id=1343#breadcrumb"},"inLanguage":"pl-PL","potentialAction":[{"@type":"ReadAction","target":["https:\/\/bpp.katowice.pl\/?page_id=1343"]}]},{"@type":"BreadcrumbList","@id":"https:\/\/bpp.katowice.pl\/?page_id=1343#breadcrumb","itemListElement":[{"@type":"ListItem","position":1,"name":"Home","item":"https:\/\/bpp.katowice.pl\/"},{"@type":"ListItem","position":2,"name":"26 BIENNALE PLAKATU POLSKIEGO"}]},{"@type":"WebSite","@id":"https:\/\/bpp.katowice.pl\/#website","url":"https:\/\/bpp.katowice.pl\/","name":"BIENNALE PLAKATU POLSKIEGO","description":"Konkursowy przegl\u0105d polskiej tw\u00f3rczo\u015bci plakatowej","publisher":{"@id":"https:\/\/bpp.katowice.pl\/#organization"},"potentialAction":[{"@type":"SearchAction","target":{"@type":"EntryPoint","urlTemplate":"https:\/\/bpp.katowice.pl\/?s={search_term_string}"},"query-input":"required name=search_term_string"}],"inLanguage":"pl-PL"},{"@type":"Organization","@id":"https:\/\/bpp.katowice.pl\/#organization","name":"BIENNALE PLAKATU POLSKIEGO","url":"https:\/\/bpp.katowice.pl\/","logo":{"@type":"ImageObject","inLanguage":"pl-PL","@id":"https:\/\/bpp.katowice.pl\/#\/schema\/logo\/image\/","url":"https:\/\/bpp.katowice.pl\/wp-content\/uploads\/2023\/03\/cropped-cropped-logoBPPwww.jpg","contentUrl":"https:\/\/bpp.katowice.pl\/wp-content\/uploads\/2023\/03\/cropped-cropped-logoBPPwww.jpg","width":558,"height":227,"caption":"BIENNALE PLAKATU POLSKIEGO"},"image":{"@id":"https:\/\/bpp.katowice.pl\/#\/schema\/logo\/image\/"}}]}},"_links":{"self":[{"href":"https:\/\/bpp.katowice.pl\/index.php?rest_route=\/wp\/v2\/pages\/1343","targetHints":{"allow":["GET"]}}],"collection":[{"href":"https:\/\/bpp.katowice.pl\/index.php?rest_route=\/wp\/v2\/pages"}],"about":[{"href":"https:\/\/bpp.katowice.pl\/index.php?rest_route=\/wp\/v2\/types\/page"}],"author":[{"embeddable":true,"href":"https:\/\/bpp.katowice.pl\/index.php?rest_route=\/wp\/v2\/users\/1"}],"replies":[{"embeddable":true,"href":"https:\/\/bpp.katowice.pl\/index.php?rest_route=%2Fwp%2Fv2%2Fcomments&post=1343"}],"version-history":[{"count":266,"href":"https:\/\/bpp.katowice.pl\/index.php?rest_route=\/wp\/v2\/pages\/1343\/revisions"}],"predecessor-version":[{"id":3070,"href":"https:\/\/bpp.katowice.pl\/index.php?rest_route=\/wp\/v2\/pages\/1343\/revisions\/3070"}],"wp:attachment":[{"href":"https:\/\/bpp.katowice.pl\/index.php?rest_route=%2Fwp%2Fv2%2Fmedia&parent=1343"}],"curies":[{"name":"wp","href":"https:\/\/api.w.org\/{rel}","templated":true}]}}